{"id":6804,"date":"2019-08-22T13:17:23","date_gmt":"2019-08-22T12:17:23","guid":{"rendered":"https:\/\/varenmetsil.nl\/privacybeleid\/"},"modified":"2024-07-17T10:07:12","modified_gmt":"2024-07-17T09:07:12","slug":"privacybeleid","status":"publish","type":"page","link":"https:\/\/varenmetsil.nl\/de\/privacybeleid\/","title":{"rendered":"Datenschutzerkl\u00e4rung"},"content":{"rendered":"<h2 class=\"wp-block-heading\"><\/h2>\n\n<!--themify_builder_content-->\n<div id=\"themify_builder_content-6804\" data-postid=\"6804\" class=\"themify_builder_content themify_builder_content-6804 themify_builder tf_clear\">\n                    <div  data-lazy=\"1\" class=\"module_row themify_builder_row tb_z6jt586 tb_first tf_w\">\n                        <div class=\"row_inner col_align_top tb_col_count_1 tf_box tf_rel\">\n                        <div  data-lazy=\"1\" class=\"module_column tb-column col-full tb_815p586 first\">\n                    <!-- module text -->\n<div  class=\"module module-text tb_4fzg986   \" data-lazy=\"1\">\n        <div  class=\"tb_text_wrap\">\n        <h2>Datenschutzerkl\u00e4rung<\/h2>\n<p><strong>Varen met Sil<\/strong>, ans\u00e4ssig an der Kwelderweg 1, 9291MD Kollum, ist verantwortlich f\u00fcr die Verarbeitung personenbezogener Daten, wie in dieser Datenschutzerkl\u00e4rung dargelegt.<\/p>\n<p><strong>Kontaktdaten:<\/strong><\/p>\n<ul>\n<li>Website: <a href=\"https:\/\/varenmetsil.nl\" target=\"_new\" rel=\"noreferrer\">https:\/\/varenmetsil.nl<\/a><\/li>\n<li>Adresse: Kwelderweg 1, 9291MD Kollum<\/li>\n<li>Telefonnummer: 0619480097<\/li>\n<li>Datenschutzbeauftragter: Sil Scharmga (erreichbar \u00fcber <a rel=\"noreferrer\">info@varenmetsil.nl<\/a>)<\/li>\n<\/ul>\n<h4>Personenbezogene Daten, die wir verarbeiten<\/h4>\n<p>Varen met Sil verarbeitet Ihre personenbezogenen Daten, weil Sie unsere Dienste nutzen und\/oder weil Sie diese Daten selbst an uns weitergeben. Nachfolgend finden Sie eine \u00dcbersicht der personenbezogenen Daten, die wir verarbeiten:<\/p>\n<ul>\n<li>Vor- und Nachname<\/li>\n<li>Telefonnummer<\/li>\n<li>E-Mail-Adresse<\/li>\n<li>Sonstige personenbezogene Daten, die Sie aktiv angeben, z.B. durch das Erstellen eines Profils auf dieser Website, in Korrespondenz und telefonisch<\/li>\n<li>Standortdaten<\/li>\n<li>Daten \u00fcber Ihre Aktivit\u00e4ten auf unserer Website<\/li>\n<li>Daten \u00fcber Ihr Surfverhalten auf verschiedenen Websites (z.B. weil dieses Unternehmen Teil eines Werbenetzwerks ist)<\/li>\n<li>Internetbrowser und Ger\u00e4tetyp<\/li>\n<\/ul>\n<h4>Besondere und\/oder sensible personenbezogene Daten, die wir verarbeiten<\/h4>\n<p>Unsere Website und\/oder unser Dienst beabsichtigt nicht, Daten \u00fcber Website-Besucher zu sammeln, die j\u00fcnger als 16 Jahre sind, es sei denn, sie haben die Erlaubnis der Eltern oder eines Vormunds. Wir k\u00f6nnen jedoch nicht \u00fcberpr\u00fcfen, ob ein Besucher \u00e4lter als 16 Jahre ist. Wir empfehlen daher Eltern, sich an den Online-Aktivit\u00e4ten ihrer Kinder zu beteiligen, um zu verhindern, dass Daten \u00fcber Kinder ohne elterliche Zustimmung gesammelt werden. Wenn Sie der Meinung sind, dass wir ohne diese Zustimmung personenbezogene Daten \u00fcber einen Minderj\u00e4hrigen gesammelt haben, kontaktieren Sie uns bitte unter <a rel=\"noreferrer\">info@varenmetsil.nl<\/a>, dann l\u00f6schen wir diese Informationen.<\/p>\n<h4>Zweck und Grundlage der Verarbeitung personenbezogener Daten<\/h4>\n<p>Varen met Sil verarbeitet Ihre personenbezogenen Daten zu folgenden Zwecken:<\/p>\n<ul>\n<li>Abwicklung Ihrer Zahlung<\/li>\n<li>Versand unseres Newsletters und\/oder Werbeprospekts<\/li>\n<li>Lieferung von Waren und Dienstleistungen an Sie<\/li>\n<li>Analyse Ihres Verhaltens auf der Website, um die Website zu verbessern und das Angebot an Produkten und Dienstleistungen auf Ihre Vorlieben abzustimmen<\/li>\n<li>Verfolgung Ihres Surfverhaltens auf verschiedenen Websites, um unsere Produkte und Dienstleistungen auf Ihre Bed\u00fcrfnisse abzustimmen<\/li>\n<\/ul>\n<h4>Automatisierte Entscheidungsfindung<\/h4>\n<p>Varen met Sil trifft keine Entscheidungen auf der Grundlage automatisierter Verarbeitungen, die erhebliche Auswirkungen auf Personen haben k\u00f6nnen. Dabei handelt es sich um Entscheidungen, die von Computerprogrammen oder -systemen getroffen werden, ohne dass ein Mensch (z.B. ein Mitarbeiter von Varen met Sil) dazwischen sitzt. Varen met Sil verwendet die folgenden Computerprogramme oder -systeme:<\/p>\n<ul>\n<li>Buchungssystem 123boeken<\/li>\n<\/ul>\n<h4>Wie lange wir personenbezogene Daten speichern<\/h4>\n<p>Varen met Sil speichert Ihre personenbezogenen Daten nicht l\u00e4nger als unbedingt notwendig, um die Zwecke zu erreichen, f\u00fcr die Ihre Daten gesammelt werden. Wir halten folgende Aufbewahrungsfristen f\u00fcr die folgenden (Kategorien) personenbezogener Daten ein:<\/p>\n<ul>\n<li>3 Jahre<\/li>\n<\/ul>\n<h4>Weitergabe personenbezogener Daten an Dritte<\/h4>\n<p>Varen met Sil verkauft Ihre Daten nicht an Dritte und stellt diese ausschlie\u00dflich zur Verf\u00fcgung, wenn dies f\u00fcr die Durchf\u00fchrung unserer Vereinbarung mit Ihnen erforderlich ist oder um einer gesetzlichen Verpflichtung nachzukommen. Mit Unternehmen, die Ihre Daten in unserem Auftrag verarbeiten, schlie\u00dfen wir einen Verarbeitungsvertrag ab, um ein gleiches Ma\u00df an Sicherheit und Vertraulichkeit Ihrer Daten zu gew\u00e4hrleisten. Varen met Sil bleibt f\u00fcr diese Verarbeitungen verantwortlich.<\/p>\n<h4>Cookies oder \u00e4hnliche Techniken, die wir verwenden<\/h4>\n<p>Varen met Sil verwendet funktionale, analytische und Tracking-Cookies. Ein Cookie ist eine kleine Textdatei, die beim ersten Besuch dieser Website im Browser Ihres Computers, Tablets oder Smartphones gespeichert wird. Varen met Sil verwendet Cookies mit rein technischer Funktionalit\u00e4t. Diese sorgen daf\u00fcr, dass die Website ordnungsgem\u00e4\u00df funktioniert und Ihre bevorzugten Einstellungen gespeichert werden. Diese Cookies werden auch verwendet, um die Website gut funktionieren zu lassen und diese zu optimieren. Dar\u00fcber hinaus setzen wir Cookies, um Ihr Surfverhalten zu verfolgen, damit wir Ihnen ma\u00dfgeschneiderte Inhalte und Werbung anbieten k\u00f6nnen.<\/p>\n<p>Bei Ihrem ersten Besuch auf unserer Website haben wir Sie bereits \u00fcber diese Cookies informiert und Ihre Erlaubnis zu deren Platzierung eingeholt.<\/p>\n<p>Sie k\u00f6nnen Cookies deaktivieren, indem Sie Ihren Internetbrowser so einstellen, dass dieser keine Cookies mehr speichert. Au\u00dferdem k\u00f6nnen Sie auch alle Informationen, die zuvor gespeichert wurden, \u00fcber die Einstellungen Ihres Browsers l\u00f6schen.<\/p>\n<p>Weitere Informationen: <a href=\"https:\/\/veiliginternetten.nl\/themes\/situatie\/cookies-wat-zijn-het-en-wat-doe-ik-ermee\/\" target=\"_new\" rel=\"noreferrer\">https:\/\/veiliginternetten.nl\/themes\/situatie\/cookies-wat-zijn-het-en-wat-doe-ik-ermee\/<\/a><\/p>\n<h4>Einsichtnahme, Berichtigung oder L\u00f6schung von Daten<\/h4>\n<p>Sie haben das Recht, Ihre personenbezogenen Daten einzusehen, zu korrigieren oder zu l\u00f6schen. Dar\u00fcber hinaus haben Sie das Recht, Ihre Einwilligung zur Datenverarbeitung zu widerrufen oder der Verarbeitung Ihrer personenbezogenen Daten durch Varen met Sil zu widersprechen und Sie haben das Recht auf Daten\u00fcbertragbarkeit. Das bedeutet, dass Sie bei uns eine Anfrage stellen k\u00f6nnen, die personenbezogenen Daten, die wir von Ihnen haben, in einer Computerdatei an Sie oder eine andere von Ihnen benannte Organisation zu senden.<\/p>\n<p>Sie k\u00f6nnen eine Anfrage auf Einsichtnahme, Berichtigung, L\u00f6schung, Daten\u00fcbertragung Ihrer personenbezogenen Daten oder eine Anfrage auf Widerruf Ihrer Einwilligung oder Widerspruch gegen die Verarbeitung Ihrer personenbezogenen Daten an <a rel=\"noreferrer\">info@varenmetsil.nl<\/a> senden.<\/p>\n<p>Um sicherzustellen, dass die Anfrage zur Einsichtnahme von Ihnen gestellt wurde, bitten wir Sie, eine Kopie Ihres Identit\u00e4tsnachweises mit der Anfrage zu senden. Schw\u00e4rzen Sie in dieser Kopie Ihr Passfoto, die MRZ (maschinell lesbare Zone, die Streifen mit Nummern unten im Reisepass), die Passnummer und die B\u00fcrgerdienstnummer (BSN). Dies dient dem Schutz Ihrer Privatsph\u00e4re. Wir werden so schnell wie m\u00f6glich, jedoch innerhalb von vier Wochen, auf Ihre Anfrage reagieren.<\/p>\n<p>Varen met Sil weist auch darauf hin, dass Sie die M\u00f6glichkeit haben, eine Beschwerde bei der nationalen Aufsichtsbeh\u00f6rde, der Autoriteit Persoonsgegevens, einzureichen. Dies ist \u00fcber den folgenden Link m\u00f6glich: <a href=\"https:\/\/autoriteitpersoonsgegevens.nl\/nl\/contact-met-de-autoriteit-persoonsgegevens\/tip-ons\" target=\"_new\" rel=\"noreferrer\">https:\/\/autoriteitpersoonsgegevens.nl\/nl\/contact-met-de-autoriteit-persoonsgegevens\/tip-ons<\/a><\/p>\n<h4>Wie wir personenbezogene Daten sch\u00fctzen<\/h4>\n<p>Varen met Sil nimmt den Schutz Ihrer Daten ernst und ergreift geeignete Ma\u00dfnahmen, um Missbrauch, Verlust, unbefugten Zugriff, unerw\u00fcnschte Offenlegung und unbefugte \u00c4nderung zu verhindern. Wenn Sie den Eindruck haben, dass Ihre Daten nicht richtig gesichert sind oder es Hinweise auf Missbrauch gibt, kontaktieren Sie bitte unseren Kundenservice oder senden Sie eine E-Mail an <a rel=\"noreferrer\">info@varenmetsil.nl<\/a>.<\/p>    <\/div>\n<\/div>\n<!-- \/module text -->        <\/div>\n                        <\/div>\n        <\/div>\n        <\/div>\n<!--\/themify_builder_content-->","protected":false},"excerpt":{"rendered":"","protected":false},"author":1,"featured_media":0,"parent":0,"menu_order":0,"comment_status":"closed","ping_status":"open","template":"","meta":{"_monsterinsights_skip_tracking":false,"_monsterinsights_sitenote_active":false,"_monsterinsights_sitenote_note":"","_monsterinsights_sitenote_category":0,"footnotes":""},"class_list":["post-6804","page","type-page","status-publish","hentry","has-post-title","has-post-date","has-post-category","has-post-tag","has-post-comment","has-post-author",""],"acf":[],"yoast_head":"<!-- This site is optimized with the Yoast SEO plugin v25.8 - https:\/\/yoast.com\/wordpress\/plugins\/seo\/ -->\n<title>Datenschutzerkl\u00e4rung - Varen met Sil<\/title>\n<meta name=\"robots\" content=\"index, follow, max-snippet:-1, max-image-preview:large, max-video-preview:-1\" \/>\n<link rel=\"canonical\" href=\"https:\/\/varenmetsil.nl\/de\/privacybeleid\/\" \/>\n<meta property=\"og:locale\" content=\"de_DE\" \/>\n<meta property=\"og:type\" content=\"article\" \/>\n<meta property=\"og:title\" content=\"Datenschutzerkl\u00e4rung - Varen met Sil\" \/>\n<meta property=\"og:url\" content=\"https:\/\/varenmetsil.nl\/de\/privacybeleid\/\" \/>\n<meta property=\"og:site_name\" content=\"Varen met Sil\" \/>\n<meta property=\"article:publisher\" content=\"https:\/\/www.facebook.com\/varenmetsil\" \/>\n<meta property=\"article:modified_time\" content=\"2024-07-17T09:07:12+00:00\" \/>\n<meta name=\"twitter:card\" content=\"summary_large_image\" \/>\n<meta name=\"twitter:label1\" content=\"Gesch\u00e4tzte Lesezeit\" \/>\n\t<meta name=\"twitter:data1\" content=\"10\u00a0Minuten\" \/>\n<script type=\"application\/ld+json\" class=\"yoast-schema-graph\">{\"@context\":\"https:\/\/schema.org\",\"@graph\":[{\"@type\":\"WebPage\",\"@id\":\"https:\/\/varenmetsil.nl\/de\/privacybeleid\/\",\"url\":\"https:\/\/varenmetsil.nl\/de\/privacybeleid\/\",\"name\":\"Datenschutzerkl\u00e4rung - Varen met Sil\",\"isPartOf\":{\"@id\":\"https:\/\/varenmetsil.nl\/de\/#website\"},\"datePublished\":\"2019-08-22T12:17:23+00:00\",\"dateModified\":\"2024-07-17T09:07:12+00:00\",\"breadcrumb\":{\"@id\":\"https:\/\/varenmetsil.nl\/de\/privacybeleid\/#breadcrumb\"},\"inLanguage\":\"de\",\"potentialAction\":[{\"@type\":\"ReadAction\",\"target\":[\"https:\/\/varenmetsil.nl\/de\/privacybeleid\/\"]}]},{\"@type\":\"BreadcrumbList\",\"@id\":\"https:\/\/varenmetsil.nl\/de\/privacybeleid\/#breadcrumb\",\"itemListElement\":[{\"@type\":\"ListItem\",\"position\":1,\"name\":\"Home\",\"item\":\"https:\/\/varenmetsil.nl\/de\/\"},{\"@type\":\"ListItem\",\"position\":2,\"name\":\"Datenschutzerkl\u00e4rung\"}]},{\"@type\":\"WebSite\",\"@id\":\"https:\/\/varenmetsil.nl\/de\/#website\",\"url\":\"https:\/\/varenmetsil.nl\/de\/\",\"name\":\"Varen met Sil\",\"description\":\"Varen met Sil\",\"publisher\":{\"@id\":\"https:\/\/varenmetsil.nl\/de\/#organization\"},\"potentialAction\":[{\"@type\":\"SearchAction\",\"target\":{\"@type\":\"EntryPoint\",\"urlTemplate\":\"https:\/\/varenmetsil.nl\/de\/?s={search_term_string}\"},\"query-input\":{\"@type\":\"PropertyValueSpecification\",\"valueRequired\":true,\"valueName\":\"search_term_string\"}}],\"inLanguage\":\"de\"},{\"@type\":\"Organization\",\"@id\":\"https:\/\/varenmetsil.nl\/de\/#organization\",\"name\":\"Varen met Sil\",\"url\":\"https:\/\/varenmetsil.nl\/de\/\",\"logo\":{\"@type\":\"ImageObject\",\"inLanguage\":\"de\",\"@id\":\"https:\/\/varenmetsil.nl\/de\/#\/schema\/logo\/image\/\",\"url\":\"https:\/\/varenmetsil.nl\/wp-content\/uploads\/2020\/12\/sil-zonder-tekst.png\",\"contentUrl\":\"https:\/\/varenmetsil.nl\/wp-content\/uploads\/2020\/12\/sil-zonder-tekst.png\",\"width\":1069,\"height\":1166,\"caption\":\"Varen met Sil\"},\"image\":{\"@id\":\"https:\/\/varenmetsil.nl\/de\/#\/schema\/logo\/image\/\"},\"sameAs\":[\"https:\/\/www.facebook.com\/varenmetsil\",\"https:\/\/www.instagram.com\/varenmetsil\/\"]}]}<\/script>\n<!-- \/ Yoast SEO plugin. -->","yoast_head_json":{"title":"Datenschutzerkl\u00e4rung - Varen met Sil","robots":{"index":"index","follow":"follow","max-snippet":"max-snippet:-1","max-image-preview":"max-image-preview:large","max-video-preview":"max-video-preview:-1"},"canonical":"https:\/\/varenmetsil.nl\/de\/privacybeleid\/","og_locale":"de_DE","og_type":"article","og_title":"Datenschutzerkl\u00e4rung - Varen met Sil","og_url":"https:\/\/varenmetsil.nl\/de\/privacybeleid\/","og_site_name":"Varen met Sil","article_publisher":"https:\/\/www.facebook.com\/varenmetsil","article_modified_time":"2024-07-17T09:07:12+00:00","twitter_card":"summary_large_image","twitter_misc":{"Gesch\u00e4tzte Lesezeit":"10\u00a0Minuten"},"schema":{"@context":"https:\/\/schema.org","@graph":[{"@type":"WebPage","@id":"https:\/\/varenmetsil.nl\/de\/privacybeleid\/","url":"https:\/\/varenmetsil.nl\/de\/privacybeleid\/","name":"Datenschutzerkl\u00e4rung - Varen met Sil","isPartOf":{"@id":"https:\/\/varenmetsil.nl\/de\/#website"},"datePublished":"2019-08-22T12:17:23+00:00","dateModified":"2024-07-17T09:07:12+00:00","breadcrumb":{"@id":"https:\/\/varenmetsil.nl\/de\/privacybeleid\/#breadcrumb"},"inLanguage":"de","potentialAction":[{"@type":"ReadAction","target":["https:\/\/varenmetsil.nl\/de\/privacybeleid\/"]}]},{"@type":"BreadcrumbList","@id":"https:\/\/varenmetsil.nl\/de\/privacybeleid\/#breadcrumb","itemListElement":[{"@type":"ListItem","position":1,"name":"Home","item":"https:\/\/varenmetsil.nl\/de\/"},{"@type":"ListItem","position":2,"name":"Datenschutzerkl\u00e4rung"}]},{"@type":"WebSite","@id":"https:\/\/varenmetsil.nl\/de\/#website","url":"https:\/\/varenmetsil.nl\/de\/","name":"Varen met Sil","description":"Varen met Sil","publisher":{"@id":"https:\/\/varenmetsil.nl\/de\/#organization"},"potentialAction":[{"@type":"SearchAction","target":{"@type":"EntryPoint","urlTemplate":"https:\/\/varenmetsil.nl\/de\/?s={search_term_string}"},"query-input":{"@type":"PropertyValueSpecification","valueRequired":true,"valueName":"search_term_string"}}],"inLanguage":"de"},{"@type":"Organization","@id":"https:\/\/varenmetsil.nl\/de\/#organization","name":"Varen met Sil","url":"https:\/\/varenmetsil.nl\/de\/","logo":{"@type":"ImageObject","inLanguage":"de","@id":"https:\/\/varenmetsil.nl\/de\/#\/schema\/logo\/image\/","url":"https:\/\/varenmetsil.nl\/wp-content\/uploads\/2020\/12\/sil-zonder-tekst.png","contentUrl":"https:\/\/varenmetsil.nl\/wp-content\/uploads\/2020\/12\/sil-zonder-tekst.png","width":1069,"height":1166,"caption":"Varen met Sil"},"image":{"@id":"https:\/\/varenmetsil.nl\/de\/#\/schema\/logo\/image\/"},"sameAs":["https:\/\/www.facebook.com\/varenmetsil","https:\/\/www.instagram.com\/varenmetsil\/"]}]}},"jetpack_sharing_enabled":true,"builder_content":"<h2>Datenschutzerkl\u00e4rung<\/h2> <p><strong>Varen met Sil<\/strong>, ans\u00e4ssig an der Kwelderweg 1, 9291MD Kollum, ist verantwortlich f\u00fcr die Verarbeitung personenbezogener Daten, wie in dieser Datenschutzerkl\u00e4rung dargelegt.<\/p> <p><strong>Kontaktdaten:<\/strong><\/p> <ul> <li>Website: <a href=\"https:\/\/varenmetsil.nl\" target=\"_new\" rel=\"noreferrer\">https:\/\/varenmetsil.nl<\/a><\/li> <li>Adresse: Kwelderweg 1, 9291MD Kollum<\/li> <li>Telefonnummer: 0619480097<\/li> <li>Datenschutzbeauftragter: Sil Scharmga (erreichbar \u00fcber <a rel=\"noreferrer\">info@varenmetsil.nl<\/a>)<\/li> <\/ul> <h4>Personenbezogene Daten, die wir verarbeiten<\/h4> <p>Varen met Sil verarbeitet Ihre personenbezogenen Daten, weil Sie unsere Dienste nutzen und\/oder weil Sie diese Daten selbst an uns weitergeben. Nachfolgend finden Sie eine \u00dcbersicht der personenbezogenen Daten, die wir verarbeiten:<\/p> <ul> <li>Vor- und Nachname<\/li> <li>Telefonnummer<\/li> <li>E-Mail-Adresse<\/li> <li>Sonstige personenbezogene Daten, die Sie aktiv angeben, z.B. durch das Erstellen eines Profils auf dieser Website, in Korrespondenz und telefonisch<\/li> <li>Standortdaten<\/li> <li>Daten \u00fcber Ihre Aktivit\u00e4ten auf unserer Website<\/li> <li>Daten \u00fcber Ihr Surfverhalten auf verschiedenen Websites (z.B. weil dieses Unternehmen Teil eines Werbenetzwerks ist)<\/li> <li>Internetbrowser und Ger\u00e4tetyp<\/li> <\/ul> <h4>Besondere und\/oder sensible personenbezogene Daten, die wir verarbeiten<\/h4> <p>Unsere Website und\/oder unser Dienst beabsichtigt nicht, Daten \u00fcber Website-Besucher zu sammeln, die j\u00fcnger als 16 Jahre sind, es sei denn, sie haben die Erlaubnis der Eltern oder eines Vormunds. Wir k\u00f6nnen jedoch nicht \u00fcberpr\u00fcfen, ob ein Besucher \u00e4lter als 16 Jahre ist. Wir empfehlen daher Eltern, sich an den Online-Aktivit\u00e4ten ihrer Kinder zu beteiligen, um zu verhindern, dass Daten \u00fcber Kinder ohne elterliche Zustimmung gesammelt werden. Wenn Sie der Meinung sind, dass wir ohne diese Zustimmung personenbezogene Daten \u00fcber einen Minderj\u00e4hrigen gesammelt haben, kontaktieren Sie uns bitte unter <a rel=\"noreferrer\">info@varenmetsil.nl<\/a>, dann l\u00f6schen wir diese Informationen.<\/p> <h4>Zweck und Grundlage der Verarbeitung personenbezogener Daten<\/h4> <p>Varen met Sil verarbeitet Ihre personenbezogenen Daten zu folgenden Zwecken:<\/p> <ul> <li>Abwicklung Ihrer Zahlung<\/li> <li>Versand unseres Newsletters und\/oder Werbeprospekts<\/li> <li>Lieferung von Waren und Dienstleistungen an Sie<\/li> <li>Analyse Ihres Verhaltens auf der Website, um die Website zu verbessern und das Angebot an Produkten und Dienstleistungen auf Ihre Vorlieben abzustimmen<\/li> <li>Verfolgung Ihres Surfverhaltens auf verschiedenen Websites, um unsere Produkte und Dienstleistungen auf Ihre Bed\u00fcrfnisse abzustimmen<\/li> <\/ul> <h4>Automatisierte Entscheidungsfindung<\/h4> <p>Varen met Sil trifft keine Entscheidungen auf der Grundlage automatisierter Verarbeitungen, die erhebliche Auswirkungen auf Personen haben k\u00f6nnen. Dabei handelt es sich um Entscheidungen, die von Computerprogrammen oder -systemen getroffen werden, ohne dass ein Mensch (z.B. ein Mitarbeiter von Varen met Sil) dazwischen sitzt. Varen met Sil verwendet die folgenden Computerprogramme oder -systeme:<\/p> <ul> <li>Buchungssystem 123boeken<\/li> <\/ul> <h4>Wie lange wir personenbezogene Daten speichern<\/h4> <p>Varen met Sil speichert Ihre personenbezogenen Daten nicht l\u00e4nger als unbedingt notwendig, um die Zwecke zu erreichen, f\u00fcr die Ihre Daten gesammelt werden. Wir halten folgende Aufbewahrungsfristen f\u00fcr die folgenden (Kategorien) personenbezogener Daten ein:<\/p> <ul> <li>3 Jahre<\/li> <\/ul> <h4>Weitergabe personenbezogener Daten an Dritte<\/h4> <p>Varen met Sil verkauft Ihre Daten nicht an Dritte und stellt diese ausschlie\u00dflich zur Verf\u00fcgung, wenn dies f\u00fcr die Durchf\u00fchrung unserer Vereinbarung mit Ihnen erforderlich ist oder um einer gesetzlichen Verpflichtung nachzukommen. Mit Unternehmen, die Ihre Daten in unserem Auftrag verarbeiten, schlie\u00dfen wir einen Verarbeitungsvertrag ab, um ein gleiches Ma\u00df an Sicherheit und Vertraulichkeit Ihrer Daten zu gew\u00e4hrleisten. Varen met Sil bleibt f\u00fcr diese Verarbeitungen verantwortlich.<\/p> <h4>Cookies oder \u00e4hnliche Techniken, die wir verwenden<\/h4> <p>Varen met Sil verwendet funktionale, analytische und Tracking-Cookies. Ein Cookie ist eine kleine Textdatei, die beim ersten Besuch dieser Website im Browser Ihres Computers, Tablets oder Smartphones gespeichert wird. Varen met Sil verwendet Cookies mit rein technischer Funktionalit\u00e4t. Diese sorgen daf\u00fcr, dass die Website ordnungsgem\u00e4\u00df funktioniert und Ihre bevorzugten Einstellungen gespeichert werden. Diese Cookies werden auch verwendet, um die Website gut funktionieren zu lassen und diese zu optimieren. Dar\u00fcber hinaus setzen wir Cookies, um Ihr Surfverhalten zu verfolgen, damit wir Ihnen ma\u00dfgeschneiderte Inhalte und Werbung anbieten k\u00f6nnen.<\/p> <p>Bei Ihrem ersten Besuch auf unserer Website haben wir Sie bereits \u00fcber diese Cookies informiert und Ihre Erlaubnis zu deren Platzierung eingeholt.<\/p> <p>Sie k\u00f6nnen Cookies deaktivieren, indem Sie Ihren Internetbrowser so einstellen, dass dieser keine Cookies mehr speichert. Au\u00dferdem k\u00f6nnen Sie auch alle Informationen, die zuvor gespeichert wurden, \u00fcber die Einstellungen Ihres Browsers l\u00f6schen.<\/p> <p>Weitere Informationen: <a href=\"https:\/\/veiliginternetten.nl\/themes\/situatie\/cookies-wat-zijn-het-en-wat-doe-ik-ermee\/\" target=\"_new\" rel=\"noreferrer\">https:\/\/veiliginternetten.nl\/themes\/situatie\/cookies-wat-zijn-het-en-wat-doe-ik-ermee\/<\/a><\/p> <h4>Einsichtnahme, Berichtigung oder L\u00f6schung von Daten<\/h4> <p>Sie haben das Recht, Ihre personenbezogenen Daten einzusehen, zu korrigieren oder zu l\u00f6schen. Dar\u00fcber hinaus haben Sie das Recht, Ihre Einwilligung zur Datenverarbeitung zu widerrufen oder der Verarbeitung Ihrer personenbezogenen Daten durch Varen met Sil zu widersprechen und Sie haben das Recht auf Daten\u00fcbertragbarkeit. Das bedeutet, dass Sie bei uns eine Anfrage stellen k\u00f6nnen, die personenbezogenen Daten, die wir von Ihnen haben, in einer Computerdatei an Sie oder eine andere von Ihnen benannte Organisation zu senden.<\/p> <p>Sie k\u00f6nnen eine Anfrage auf Einsichtnahme, Berichtigung, L\u00f6schung, Daten\u00fcbertragung Ihrer personenbezogenen Daten oder eine Anfrage auf Widerruf Ihrer Einwilligung oder Widerspruch gegen die Verarbeitung Ihrer personenbezogenen Daten an <a rel=\"noreferrer\">info@varenmetsil.nl<\/a> senden.<\/p> <p>Um sicherzustellen, dass die Anfrage zur Einsichtnahme von Ihnen gestellt wurde, bitten wir Sie, eine Kopie Ihres Identit\u00e4tsnachweises mit der Anfrage zu senden. Schw\u00e4rzen Sie in dieser Kopie Ihr Passfoto, die MRZ (maschinell lesbare Zone, die Streifen mit Nummern unten im Reisepass), die Passnummer und die B\u00fcrgerdienstnummer (BSN). Dies dient dem Schutz Ihrer Privatsph\u00e4re. Wir werden so schnell wie m\u00f6glich, jedoch innerhalb von vier Wochen, auf Ihre Anfrage reagieren.<\/p> <p>Varen met Sil weist auch darauf hin, dass Sie die M\u00f6glichkeit haben, eine Beschwerde bei der nationalen Aufsichtsbeh\u00f6rde, der Autoriteit Persoonsgegevens, einzureichen. Dies ist \u00fcber den folgenden Link m\u00f6glich: <a href=\"https:\/\/autoriteitpersoonsgegevens.nl\/nl\/contact-met-de-autoriteit-persoonsgegevens\/tip-ons\" target=\"_new\" rel=\"noreferrer\">https:\/\/autoriteitpersoonsgegevens.nl\/nl\/contact-met-de-autoriteit-persoonsgegevens\/tip-ons<\/a><\/p> <h4>Wie wir personenbezogene Daten sch\u00fctzen<\/h4> <p>Varen met Sil nimmt den Schutz Ihrer Daten ernst und ergreift geeignete Ma\u00dfnahmen, um Missbrauch, Verlust, unbefugten Zugriff, unerw\u00fcnschte Offenlegung und unbefugte \u00c4nderung zu verhindern. Wenn Sie den Eindruck haben, dass Ihre Daten nicht richtig gesichert sind oder es Hinweise auf Missbrauch gibt, kontaktieren Sie bitte unseren Kundenservice oder senden Sie eine E-Mail an <a rel=\"noreferrer\">info@varenmetsil.nl<\/a>.<\/p>","_links":{"self":[{"href":"https:\/\/varenmetsil.nl\/de\/wp-json\/wp\/v2\/pages\/6804","targetHints":{"allow":["GET"]}}],"collection":[{"href":"https:\/\/varenmetsil.nl\/de\/wp-json\/wp\/v2\/pages"}],"about":[{"href":"https:\/\/varenmetsil.nl\/de\/wp-json\/wp\/v2\/types\/page"}],"author":[{"embeddable":true,"href":"https:\/\/varenmetsil.nl\/de\/wp-json\/wp\/v2\/users\/1"}],"replies":[{"embeddable":true,"href":"https:\/\/varenmetsil.nl\/de\/wp-json\/wp\/v2\/comments?post=6804"}],"version-history":[{"count":4,"href":"https:\/\/varenmetsil.nl\/de\/wp-json\/wp\/v2\/pages\/6804\/revisions"}],"predecessor-version":[{"id":7963,"href":"https:\/\/varenmetsil.nl\/de\/wp-json\/wp\/v2\/pages\/6804\/revisions\/7963"}],"wp:attachment":[{"href":"https:\/\/varenmetsil.nl\/de\/wp-json\/wp\/v2\/media?parent=6804"}],"curies":[{"name":"wp","href":"https:\/\/api.w.org\/{rel}","templated":true}]}}